{"id":5754,"date":"2025-03-18T11:00:11","date_gmt":"2025-03-18T09:00:11","guid":{"rendered":"https:\/\/helamaaheiskanen.fi\/?post_type=projekti&#038;p=5754"},"modified":"2025-03-18T11:07:18","modified_gmt":"2025-03-18T09:07:18","slug":"pinni-b-changes-in-the-working-and-learning-environment","status":"publish","type":"projekti","link":"https:\/\/helamaaheiskanen.fi\/en\/project\/pinni-b-changes-in-the-working-and-learning-environment\/","title":{"rendered":"Pinni B, changes in the working and learning environment"},"content":{"rendered":"\n<div class=\"wp-block-columns is-layout-flex wp-container-core-columns-is-layout-9d6595d7 wp-block-columns-is-layout-flex\">\n<div class=\"wp-block-column is-layout-flow wp-block-column-is-layout-flow\"><figure class=\"wp-block-post-featured-image\"><img loading=\"lazy\" decoding=\"async\" width=\"1920\" height=\"1280\" src=\"https:\/\/helamaaheiskanen.fi\/wp-content\/uploads\/2024\/07\/img-8906-1920x1280px.jpg\" class=\"attachment-post-thumbnail size-post-thumbnail wp-post-image\" alt=\"\" style=\"object-fit:cover;\" srcset=\"https:\/\/helamaaheiskanen.fi\/wp-content\/uploads\/2024\/07\/img-8906-1920x1280px.jpg 1920w, https:\/\/helamaaheiskanen.fi\/wp-content\/uploads\/2024\/07\/img-8906-1920x1280px-300x200.jpg 300w, https:\/\/helamaaheiskanen.fi\/wp-content\/uploads\/2024\/07\/img-8906-1920x1280px-1024x683.jpg 1024w, https:\/\/helamaaheiskanen.fi\/wp-content\/uploads\/2024\/07\/img-8906-1920x1280px-768x512.jpg 768w, https:\/\/helamaaheiskanen.fi\/wp-content\/uploads\/2024\/07\/img-8906-1920x1280px-1536x1024.jpg 1536w\" sizes=\"auto, (max-width: 1920px) 100vw, 1920px\" \/><\/figure>\n\n\n<figure class=\"wp-block-gallery has-nested-images columns-default is-cropped wp-block-gallery-1 is-layout-flex wp-block-gallery-is-layout-flex\">\n<figure class=\"wp-block-image size-full\"><img loading=\"lazy\" decoding=\"async\" width=\"1920\" height=\"1280\" data-id=\"5965\" src=\"https:\/\/helamaaheiskanen.fi\/wp-content\/uploads\/2025\/03\/img-8890-1920x1280px.jpg\" alt=\"\" class=\"wp-image-5965\" srcset=\"https:\/\/helamaaheiskanen.fi\/wp-content\/uploads\/2025\/03\/img-8890-1920x1280px.jpg 1920w, https:\/\/helamaaheiskanen.fi\/wp-content\/uploads\/2025\/03\/img-8890-1920x1280px-300x200.jpg 300w, https:\/\/helamaaheiskanen.fi\/wp-content\/uploads\/2025\/03\/img-8890-1920x1280px-1024x683.jpg 1024w, https:\/\/helamaaheiskanen.fi\/wp-content\/uploads\/2025\/03\/img-8890-1920x1280px-768x512.jpg 768w, https:\/\/helamaaheiskanen.fi\/wp-content\/uploads\/2025\/03\/img-8890-1920x1280px-1536x1024.jpg 1536w\" sizes=\"auto, (max-width: 1920px) 100vw, 1920px\" \/><\/figure>\n\n\n\n<figure class=\"wp-block-image size-large\"><img loading=\"lazy\" decoding=\"async\" width=\"1024\" height=\"683\" data-id=\"5967\" src=\"https:\/\/helamaaheiskanen.fi\/wp-content\/uploads\/2025\/03\/img-8862-1920x1280px-1024x683.jpg\" alt=\"\" class=\"wp-image-5967\" srcset=\"https:\/\/helamaaheiskanen.fi\/wp-content\/uploads\/2025\/03\/img-8862-1920x1280px-1024x683.jpg 1024w, https:\/\/helamaaheiskanen.fi\/wp-content\/uploads\/2025\/03\/img-8862-1920x1280px-300x200.jpg 300w, https:\/\/helamaaheiskanen.fi\/wp-content\/uploads\/2025\/03\/img-8862-1920x1280px-768x512.jpg 768w, https:\/\/helamaaheiskanen.fi\/wp-content\/uploads\/2025\/03\/img-8862-1920x1280px-1536x1024.jpg 1536w, https:\/\/helamaaheiskanen.fi\/wp-content\/uploads\/2025\/03\/img-8862-1920x1280px.jpg 1920w\" sizes=\"auto, (max-width: 1024px) 100vw, 1024px\" \/><\/figure>\n\n\n\n<figure class=\"wp-block-image size-large\"><img loading=\"lazy\" decoding=\"async\" width=\"1024\" height=\"683\" data-id=\"5963\" src=\"https:\/\/helamaaheiskanen.fi\/wp-content\/uploads\/2025\/03\/img-8844-1920x1280px-1024x683.jpg\" alt=\"\" class=\"wp-image-5963\" srcset=\"https:\/\/helamaaheiskanen.fi\/wp-content\/uploads\/2025\/03\/img-8844-1920x1280px-1024x683.jpg 1024w, https:\/\/helamaaheiskanen.fi\/wp-content\/uploads\/2025\/03\/img-8844-1920x1280px-300x200.jpg 300w, https:\/\/helamaaheiskanen.fi\/wp-content\/uploads\/2025\/03\/img-8844-1920x1280px-768x512.jpg 768w, https:\/\/helamaaheiskanen.fi\/wp-content\/uploads\/2025\/03\/img-8844-1920x1280px-1536x1024.jpg 1536w, https:\/\/helamaaheiskanen.fi\/wp-content\/uploads\/2025\/03\/img-8844-1920x1280px.jpg 1920w\" sizes=\"auto, (max-width: 1024px) 100vw, 1024px\" \/><\/figure>\n<\/figure>\n<\/div>\n\n\n\n<div class=\"wp-block-column is-layout-flow wp-block-column-is-layout-flow\"><h1 class=\"wp-block-post-title\">Pinni B, changes in the working and learning environment<\/h1>\n\n\n<p><strong>Vuosi<\/strong> 2022-2024<\/p>\n\n\n\n<p><strong>Sijainti<\/strong> Tampere, central campus<\/p>\n\n\n\n<p><strong>Laajuus<\/strong> Transformed area 3150 brm<sup>2<\/sup><\/p>\n\n\n\n<p><strong>Tilaaja<\/strong> Suomen Yliopistokiinteist\u00f6t<\/p>\n\n\n\n<p>Tampereen Yliopiston keskustakampuksen Pinni B on valmistunut vuonna 2003 ja sen on suunnitellut arkkitehti Antti Katajam\u00e4ki. Pinni B:n muutosty\u00f6t on osa Tampereen yliopiston toimitilaohjelman ensimm\u00e4ist\u00e4 vaihetta. Pinni B:n tarveselvitys on valmistunut alkuvuodesta 2023 ja hankesuunnitelma syksyll\u00e4 2023. Ehdotus- ja yleissuunnitteluvaihe p\u00e4\u00e4ttyi loppuvuodesta 2023, mink\u00e4 j\u00e4lkeen siirryttiin toteutussuunnittelu-vaiheeseen. Tilojen vastaanoton ajankohta on ensimm\u00e4isen vaiheen osalta 19.8.2024 ja toisen vaiheen osalta 23.12.2024.<\/p>\n\n\n\n<p>Tavoitteena oli luoda uudenlaista monitilatyyppist\u00e4 ty\u00f6- ja oppimisymp\u00e4rist\u00f6\u00e4 ja tehostaa toimintaa ja tilank\u00e4ytt\u00f6\u00e4 joustavilla tilaratkaisuilla. Yhteiskehitt\u00e4misen prosessia noudattamalla on varmistettu, ett\u00e4 tilojen k\u00e4ytt\u00e4jien tarpeita voidaan tunnistaa ja ottaa huomioon osana toimitilojen ja tilank\u00e4ytt\u00f6\u00e4 tukevien toimintamallien ja palveluiden suunnittelu- ja toteutusprosessia.<br\/>Rakennus on rakentamisajankohtansa yleisperiaatteen mukaan toteutettu ns. kaksi-k\u00e4yt\u00e4v\u00e4mallin mukaisesti niin, ett\u00e4 ty\u00f6huoneet sijaitsevat rakennusrungon ulkokeh\u00e4ll\u00e4 ja aputilat (varastot, taukotilat, WC-tilat, ym.) rungon keskialueella. Muutosalueella toinen l\u00e4pikulkuk\u00e4yt\u00e4vist\u00e4 osittain suljettiin, jolloin rakennusrungon toinen sivu saatiin rauhoitettua l\u00e4pikulkuliikenteelt\u00e4 kokonaan ty\u00f6tiloiksi.<\/p>\n\n\n\n<p>Keskialueen tiloista osa on avoimia kirjasto- tai taukotiloja, sek\u00e4 uudentyyppisi\u00e4 avattavia ja yhdistelt\u00e4vi\u00e4 seminaaritilakokonaisuuksia. Uudentyyppisill\u00e4 tiloilla saatiin rikottua pitk\u00e4\u00e4 k\u00e4yt\u00e4v\u00e4linjaa ja luotua ep\u00e4formaaleja kohtaamisen paikkoja l\u00e4pikulkuk\u00e4yt\u00e4v\u00e4n varrelle.<\/p>\n\n\n\n<p>Muutosalueelle lis\u00e4ttiin esteett\u00f6mi\u00e4 wc-tiloja ja kahden kerroksen v\u00e4lille lis\u00e4ttiin kerrosten v\u00e4linen porras luomaan yhten\u00e4isyytt\u00e4 kerrosten v\u00e4lille.<\/p>\n<\/div>\n<\/div>\n\n<p><\/p>\n\n<h2 class=\"wp-block-heading has-text-align-center\">Samankaltaisia projekteja<\/h2>\n\r\n<div class=\"latestposts-block projekti \">\r\n    <div class=\"row\">\r\n\r\n                                    <div class=\"col col-12 post-1 col-sm-6 col-md-4 col-lg-3 latestposts text-on-top\">\r\n                                            <a href=\"https:\/\/helamaaheiskanen.fi\/en\/project\/tampere-public-railway-terminal-2\/\">\r\n                        \r\n                                                    <div class=\"latestposts_img\">\r\n\r\n                                <img loading=\"lazy\" decoding=\"async\" width=\"2560\" height=\"1600\" src=\"https:\/\/helamaaheiskanen.fi\/wp-content\/uploads\/2024\/01\/final-with-logo-kuva-4-scaled.jpg\" class=\"attachment-post-thumbnail size-post-thumbnail wp-post-image\" alt=\"\" srcset=\"https:\/\/helamaaheiskanen.fi\/wp-content\/uploads\/2024\/01\/final-with-logo-kuva-4-scaled.jpg 2560w, https:\/\/helamaaheiskanen.fi\/wp-content\/uploads\/2024\/01\/final-with-logo-kuva-4-300x188.jpg 300w, https:\/\/helamaaheiskanen.fi\/wp-content\/uploads\/2024\/01\/final-with-logo-kuva-4-1024x640.jpg 1024w, https:\/\/helamaaheiskanen.fi\/wp-content\/uploads\/2024\/01\/final-with-logo-kuva-4-768x480.jpg 768w, https:\/\/helamaaheiskanen.fi\/wp-content\/uploads\/2024\/01\/final-with-logo-kuva-4-1536x960.jpg 1536w, https:\/\/helamaaheiskanen.fi\/wp-content\/uploads\/2024\/01\/final-with-logo-kuva-4-2048x1280.jpg 2048w\" sizes=\"auto, (max-width: 2560px) 100vw, 2560px\" \/>                                                                    <div class=\"latestpost_inner_container\">\r\n                                        <h4>Tampere Public Railway Terminal<\/h4>\r\n                                        <p>2025 &#8211;<\/p><p>Tampere<\/p>                                        <p>The project includes designing a new public transportation center which combines the railway and city-scaled public transportation under one roof and provides for the future possibilities for long distance bus&hellip;<\/p>                                        <hr>\r\n                                    <\/div>\r\n                                                            <\/div>\r\n                        \r\n\r\n                        <div class=\"latestposts_content \">\r\n\r\n                            \r\n                            <h2>Tampere Public Railway Terminal<\/h2>\r\n\r\n                            <p>Tampere<\/p>                                                                                <\/div>\r\n                        \r\n                        <\/a>\r\n                    \r\n                <\/div>\r\n                                                    <div class=\"col col-12 post-2 col-sm-6 col-md-4 col-lg-3 latestposts text-on-top\">\r\n                                            <a href=\"https:\/\/helamaaheiskanen.fi\/en\/project\/sahkotalo-research-hub\/\">\r\n                        \r\n                                                    <div class=\"latestposts_img\">\r\n\r\n                                <img loading=\"lazy\" decoding=\"async\" width=\"2560\" height=\"1813\" src=\"https:\/\/helamaaheiskanen.fi\/wp-content\/uploads\/2024\/03\/exterior03-artwall01-scaled.jpg\" class=\"attachment-post-thumbnail size-post-thumbnail wp-post-image\" alt=\"\" srcset=\"https:\/\/helamaaheiskanen.fi\/wp-content\/uploads\/2024\/03\/exterior03-artwall01-scaled.jpg 2560w, https:\/\/helamaaheiskanen.fi\/wp-content\/uploads\/2024\/03\/exterior03-artwall01-300x212.jpg 300w, https:\/\/helamaaheiskanen.fi\/wp-content\/uploads\/2024\/03\/exterior03-artwall01-1024x725.jpg 1024w, https:\/\/helamaaheiskanen.fi\/wp-content\/uploads\/2024\/03\/exterior03-artwall01-768x544.jpg 768w, https:\/\/helamaaheiskanen.fi\/wp-content\/uploads\/2024\/03\/exterior03-artwall01-1536x1088.jpg 1536w, https:\/\/helamaaheiskanen.fi\/wp-content\/uploads\/2024\/03\/exterior03-artwall01-2048x1451.jpg 2048w\" sizes=\"auto, (max-width: 2560px) 100vw, 2560px\" \/>                                                                    <div class=\"latestpost_inner_container\">\r\n                                        <h4>S\u00e4hk\u00f6talo Research Hub<\/h4>\r\n                                        <p>2021 &#8211;<\/p><p>Hervanta, Tampere<\/p>                                        <p>S\u00e4hk\u00f6talo Project is a part of the first phase of the facilities programme of the University of Tampere. The Space Need Study Phase of S\u00e4hk\u00f6talo was completed in fall 2021&hellip;<\/p>                                        <hr>\r\n                                    <\/div>\r\n                                                            <\/div>\r\n                        \r\n\r\n                        <div class=\"latestposts_content \">\r\n\r\n                            \r\n                            <h2>S\u00e4hk\u00f6talo Research Hub<\/h2>\r\n\r\n                            <p>Hervanta, Tampere<\/p>                                                                                <\/div>\r\n                        \r\n                        <\/a>\r\n                    \r\n                <\/div>\r\n                                                    <div class=\"col col-12 post-3 col-sm-6 col-md-4 col-lg-3 latestposts text-on-top\">\r\n                                            <a href=\"https:\/\/helamaaheiskanen.fi\/en\/project\/upper-secondary-school-of-oulu-lyceum\/\">\r\n                        \r\n                                                    <div class=\"latestposts_img\">\r\n\r\n                                <img loading=\"lazy\" decoding=\"async\" width=\"1990\" height=\"1294\" src=\"https:\/\/helamaaheiskanen.fi\/wp-content\/uploads\/2024\/01\/oulunlyseo-ilmakuva-pieni.png\" class=\"attachment-post-thumbnail size-post-thumbnail wp-post-image\" alt=\"\" srcset=\"https:\/\/helamaaheiskanen.fi\/wp-content\/uploads\/2024\/01\/oulunlyseo-ilmakuva-pieni.png 1990w, https:\/\/helamaaheiskanen.fi\/wp-content\/uploads\/2024\/01\/oulunlyseo-ilmakuva-pieni-300x195.png 300w, https:\/\/helamaaheiskanen.fi\/wp-content\/uploads\/2024\/01\/oulunlyseo-ilmakuva-pieni-1024x666.png 1024w, https:\/\/helamaaheiskanen.fi\/wp-content\/uploads\/2024\/01\/oulunlyseo-ilmakuva-pieni-768x499.png 768w, https:\/\/helamaaheiskanen.fi\/wp-content\/uploads\/2024\/01\/oulunlyseo-ilmakuva-pieni-1536x999.png 1536w\" sizes=\"auto, (max-width: 1990px) 100vw, 1990px\" \/>                                                                    <div class=\"latestpost_inner_container\">\r\n                                        <h4>Upper Secondary School of Oulu Lyceum<\/h4>\r\n                                        <p>2020-2023<\/p><p>Oulu<\/p>                                        <p>The Upper Secondary School of Oulu Lyceum is a valuable part of the national cultural environment. The establishment is located in a central and significant area considering the cityspace.<\/p>                                        <hr>\r\n                                    <\/div>\r\n                                                            <\/div>\r\n                        \r\n\r\n                        <div class=\"latestposts_content \">\r\n\r\n                            \r\n                            <h2>Upper Secondary School of Oulu Lyceum<\/h2>\r\n\r\n                            <p>Oulu<\/p>                                                                                <\/div>\r\n                        \r\n                        <\/a>\r\n                    \r\n                <\/div>\r\n                                                    <div class=\"col col-12 post-4 col-sm-6 col-md-4 col-lg-3 latestposts text-on-top\">\r\n                                            <a href=\"https:\/\/helamaaheiskanen.fi\/en\/project\/tavara-asema\/\">\r\n                        \r\n                                                    <div class=\"latestposts_img\">\r\n\r\n                                <img loading=\"lazy\" decoding=\"async\" width=\"1920\" height=\"1280\" src=\"https:\/\/helamaaheiskanen.fi\/wp-content\/uploads\/2024\/01\/ratapihankatu33-tavara-asema-1-1920x1280-px.jpg\" class=\"attachment-post-thumbnail size-post-thumbnail wp-post-image\" alt=\"\" srcset=\"https:\/\/helamaaheiskanen.fi\/wp-content\/uploads\/2024\/01\/ratapihankatu33-tavara-asema-1-1920x1280-px.jpg 1920w, https:\/\/helamaaheiskanen.fi\/wp-content\/uploads\/2024\/01\/ratapihankatu33-tavara-asema-1-1920x1280-px-300x200.jpg 300w, https:\/\/helamaaheiskanen.fi\/wp-content\/uploads\/2024\/01\/ratapihankatu33-tavara-asema-1-1920x1280-px-1024x683.jpg 1024w, https:\/\/helamaaheiskanen.fi\/wp-content\/uploads\/2024\/01\/ratapihankatu33-tavara-asema-1-1920x1280-px-768x512.jpg 768w, https:\/\/helamaaheiskanen.fi\/wp-content\/uploads\/2024\/01\/ratapihankatu33-tavara-asema-1-1920x1280-px-1536x1024.jpg 1536w\" sizes=\"auto, (max-width: 1920px) 100vw, 1920px\" \/>                                                                    <div class=\"latestpost_inner_container\">\r\n                                        <h4>Tavara-asema<\/h4>\r\n                                        <p>2020-2023<\/p><p>Tampere<\/p>                                        <p>The old Tavara-asema (Cargo station) from 1907 is a brick-built office building, to which cold cargo shelters and storages of wooden and steel structures from various eras used to be&hellip;<\/p>                                        <hr>\r\n                                    <\/div>\r\n                                                            <\/div>\r\n                        \r\n\r\n                        <div class=\"latestposts_content \">\r\n\r\n                            \r\n                            <h2>Tavara-asema<\/h2>\r\n\r\n                            <p>Tampere<\/p>                                                                                <\/div>\r\n                        \r\n                        <\/a>\r\n                    \r\n                <\/div>\r\n                            <\/div>\r\n<\/div>","protected":false},"excerpt":{"rendered":"<p>The renovation of Pinni B is part of the first phase of the University of Tampere&#8217;s office space programme. <\/p>\n","protected":false},"featured_media":5962,"template":"","meta":{"_acf_changed":true},"categories":[],"projektityyppi":[232,234],"class_list":["post-5754","projekti","type-projekti","status-publish","has-post-thumbnail","hentry","projektityyppi-office-spaces","projektityyppi-renovation"],"acf":[],"aioseo_notices":[],"_links":{"self":[{"href":"https:\/\/helamaaheiskanen.fi\/en\/wp-json\/wp\/v2\/projekti\/5754","targetHints":{"allow":["GET"]}}],"collection":[{"href":"https:\/\/helamaaheiskanen.fi\/en\/wp-json\/wp\/v2\/projekti"}],"about":[{"href":"https:\/\/helamaaheiskanen.fi\/en\/wp-json\/wp\/v2\/types\/projekti"}],"wp:featuredmedia":[{"embeddable":true,"href":"https:\/\/helamaaheiskanen.fi\/en\/wp-json\/wp\/v2\/media\/5962"}],"wp:attachment":[{"href":"https:\/\/helamaaheiskanen.fi\/en\/wp-json\/wp\/v2\/media?parent=5754"}],"wp:term":[{"taxonomy":"category","embeddable":true,"href":"https:\/\/helamaaheiskanen.fi\/en\/wp-json\/wp\/v2\/categories?post=5754"},{"taxonomy":"projektityyppi","embeddable":true,"href":"https:\/\/helamaaheiskanen.fi\/en\/wp-json\/wp\/v2\/projektityyppi?post=5754"}],"curies":[{"name":"wp","href":"https:\/\/api.w.org\/{rel}","templated":true}]}}